{"id":46,"date":"2019-10-19T18:32:08","date_gmt":"2019-10-19T21:32:08","guid":{"rendered":"http:\/\/grupoies.cnt.br\/?page_id=46"},"modified":"2021-09-08T16:59:57","modified_gmt":"2021-09-08T19:59:57","slug":"politica-de-privacidade","status":"publish","type":"page","link":"https:\/\/grupoies.cnt.br\/index.php\/politica-de-privacidade\/","title":{"rendered":"Pol\u00edtica de Privacidade"},"content":{"rendered":"\t\t<div data-elementor-type=\"wp-page\" data-elementor-id=\"46\" class=\"elementor elementor-46\">\n\t\t\t\t\t\t<section class=\"elementor-section elementor-top-section elementor-element elementor-element-3f22580 elementor-section-stretched elementor-section-height-min-height elementor-section-boxed elementor-section-height-default elementor-section-items-middle\" data-id=\"3f22580\" data-element_type=\"section\" data-settings=\"{&quot;stretch_section&quot;:&quot;section-stretched&quot;,&quot;background_background&quot;:&quot;classic&quot;}\">\n\t\t\t\t\t\t\t<div class=\"elementor-background-overlay\"><\/div>\n\t\t\t\t\t\t\t<div class=\"elementor-container elementor-column-gap-default\">\n\t\t\t\t\t<div class=\"elementor-column elementor-col-100 elementor-top-column elementor-element elementor-element-6424e356\" data-id=\"6424e356\" data-element_type=\"column\">\n\t\t\t<div class=\"elementor-widget-wrap elementor-element-populated\">\n\t\t\t\t\t\t<div class=\"elementor-element elementor-element-6f9f5452 elementor-widget elementor-widget-heading\" data-id=\"6f9f5452\" data-element_type=\"widget\" data-widget_type=\"heading.default\">\n\t\t\t\t<div class=\"elementor-widget-container\">\n\t\t\t<h2 class=\"elementor-heading-title elementor-size-default\">grupo ies<\/h2>\t\t<\/div>\n\t\t\t\t<\/div>\n\t\t\t\t<div class=\"elementor-element elementor-element-6c80666d elementor-widget elementor-widget-heading\" data-id=\"6c80666d\" data-element_type=\"widget\" data-widget_type=\"heading.default\">\n\t\t\t\t<div class=\"elementor-widget-container\">\n\t\t\t<h3 class=\"elementor-heading-title elementor-size-default\">POL\u00cdTICA DE PRIVACIDADE<\/h3>\t\t<\/div>\n\t\t\t\t<\/div>\n\t\t\t\t<div class=\"elementor-element elementor-element-217719ff elementor-widget-divider--view-line elementor-widget elementor-widget-divider\" data-id=\"217719ff\" data-element_type=\"widget\" data-widget_type=\"divider.default\">\n\t\t\t\t<div class=\"elementor-widget-container\">\n\t\t\t\t\t<div class=\"elementor-divider\">\n\t\t\t<span class=\"elementor-divider-separator\">\n\t\t\t\t\t\t<\/span>\n\t\t<\/div>\n\t\t\t\t<\/div>\n\t\t\t\t<\/div>\n\t\t\t\t\t<\/div>\n\t\t<\/div>\n\t\t\t\t\t<\/div>\n\t\t<\/section>\n\t\t\t\t<section class=\"elementor-section elementor-top-section elementor-element elementor-element-720d09d elementor-section-boxed elementor-section-height-default elementor-section-height-default\" data-id=\"720d09d\" data-element_type=\"section\">\n\t\t\t\t\t\t<div class=\"elementor-container elementor-column-gap-default\">\n\t\t\t\t\t<div class=\"elementor-column elementor-col-100 elementor-top-column elementor-element elementor-element-f2415af\" data-id=\"f2415af\" data-element_type=\"column\">\n\t\t\t<div class=\"elementor-widget-wrap elementor-element-populated\">\n\t\t\t\t\t\t<div class=\"elementor-element elementor-element-7125f58 elementor-widget elementor-widget-text-editor\" data-id=\"7125f58\" data-element_type=\"widget\" data-widget_type=\"text-editor.default\">\n\t\t\t\t<div class=\"elementor-widget-container\">\n\t\t\t\t\t\t\tN\u00f3s, do Grupo IES, estamos comprometidos em resguardar a sua privacidade. O intuito deste documento \u00e9 esclarecer quais informa\u00e7\u00f5es s\u00e3o coletadas dos usu\u00e1rios de nosso site www.grupoies.cnt.br \u2013 e respectivos servi\u00e7os \u2013 e de que forma esses dados s\u00e3o manipulados e utilizados.\nAlertamos que se voc\u00ea n\u00e3o concorda com o conte\u00fado desta pol\u00edtica, n\u00e3o \u00e9 recomend\u00e1vel baixar nossos materiais nem utilizar quaisquer de nossos servi\u00e7os.<br><br>Com o intuito de facilitar a compreens\u00e3o de nossa pol\u00edtica, dividimos da seguinte forma:\n<ol>\n \t<li>Como usamos seus dados.<\/li>\n \t<li>Cookies.<\/li>\n \t<li>Com quem compartilhamos seus dados.<\/li>\n \t<li>Transfer\u00eancia internacional dos dados.<\/li>\n \t<li>Tempo de armazenagem dos dados.<\/li>\n \t<li>Como protegemos os dados.<\/li>\n \t<li>Cancelamento \/ exclus\u00e3o dos dados.<\/li>\n \t<li>Mudan\u00e7as na nossa pol\u00edtica.<\/li>\n \t<li>Contato com o Grupo IES.<\/li>\n<\/ol>\n<ol>\n \t<li>Sobre a coleta de dados.<\/li>\nEm nosso site, as informa\u00e7\u00f5es s\u00e3o coletadas das seguintes formas:Informa\u00e7\u00f5es fornecidas por voc\u00ea \u2013 coletamos informa\u00e7\u00f5es de identifica\u00e7\u00e3o pessoal \u2013 como nome, telefone, email, empresa em que trabalha e cargo \u2013 via preenchimento dos formul\u00e1rios para download de nossos conte\u00fados gratuitos ou solicita\u00e7\u00e3o por voc\u00ea. Eventualmente, as solicita\u00e7\u00f5es de algumas informa\u00e7\u00f5es poder\u00e3o ser feitas por meio de contato direto do Grupo IES com os usu\u00e1rios via e-mail ou telefone.\n\nInforma\u00e7\u00f5es de navega\u00e7\u00e3o no site \u2013 Quando voc\u00ea visita nosso site, \u00e9 inserido um \u2018cookie\u2019 no seu navegador por meio do software Google Analytics, para identificar quantas vezes voc\u00ea retorna ao nosso endere\u00e7o. S\u00e3o coletadas, anonimamente, informa\u00e7\u00f5es, como endere\u00e7o IP, localiza\u00e7\u00e3o geogr\u00e1fica, fonte de refer\u00eancia, tipo de navegador, dura\u00e7\u00e3o da visita e p\u00e1ginas visitadas. \nHist\u00f3rico de contato \u2013 Aqui no Grupo IES armazenamos informa\u00e7\u00f5es a respeito de todos os contatos j\u00e1 realizados com nossos usu\u00e1rios, como conte\u00fados baixados a partir de nossas p\u00e1ginas e intera\u00e7\u00f5es via e-mail.<br>\n\n<ol><li> Sobre o uso de suas Informa\u00e7\u00f5es Pessoais<br><\/li>\nO presente termo permite que o Grupo IES use suas informa\u00e7\u00f5es pessoais para diferentes finalidades.\nO e-mail \u00e9 utilizado para a opera\u00e7\u00e3o de envio do material ou informa\u00e7\u00e3o por voc\u00ea requisitada no preenchimento do formul\u00e1rio. Tamb\u00e9m pode ser usado para envio de Newsletters, sempre relacionadas ao tema de seu interesse. \nPor fim, o e-mail ser\u00e1 utilizado ainda para comunicar o lan\u00e7amento de novos materiais gratuitos ou de novos produtos do Grupo IES e parceiros. No entanto, o usu\u00e1rio pode cancelar a assinatura a qualquer momento.\nOs dados de download poder\u00e3o ser divulgados como pesquisas e estat\u00edsticas, n\u00e3o sendo reveladas abertamente nenhuma informa\u00e7\u00e3o pessoal, a menos que autorizada explicitamente.<br>Funcion\u00e1rios do Grupo IES poder\u00e3o eventualmente entrar em contato via e-mail ou telefone para fazer pesquisas ou apresentar produtos e servi\u00e7os.<br>Suas informa\u00e7\u00f5es pessoais ser\u00e3o compartilhadas com nossos parceiros apenas quando a parceria estiver expl\u00edcita na p\u00e1gina onde consta o formul\u00e1rio para o recebimento de conte\u00fado educativo.<br><br><li> Sobre o acesso \u00e0s suas informa\u00e7\u00f5es pessoais<br><\/li>Poder\u00e3o ver suas informa\u00e7\u00f5es pessoais apenas funcion\u00e1rios e a equipe de TI, interna ou terceirizada, pelo Grupo IES. Eventualmente, caso a inser\u00e7\u00e3o de suas informa\u00e7\u00f5es se d\u00ea em a\u00e7\u00f5es criadas em parcerias, os parceiros explicitamente identificados tamb\u00e9m ter\u00e3o acesso \u00e0 informa\u00e7\u00e3o. <br>Nenhuma informa\u00e7\u00e3o pessoal poder\u00e1 ser divulgada publicamente. \nO Grupo IES tamb\u00e9m se compromete a n\u00e3o vender, alugar ou repassar suas informa\u00e7\u00f5es para terceiros. A \u00fanica exce\u00e7\u00e3o est\u00e1 em casos em que essas informa\u00e7\u00f5es forem exigidas judicialmente.<br>Al\u00e9m disso, embora trabalhemos com boas pr\u00e1ticas de prote\u00e7\u00e3o e seguran\u00e7a, nenhum servi\u00e7o web possui 100% de garantia contra invas\u00f5es e n\u00e3o podemos nos responsabilizar caso isso ocorra.<br><\/ol><li> Cookies<\/li>Cookies s\u00e3o pequenos arquivos de texto armazenados em seu navegador ou dispositivo. Os cookies nos permitem reconhecer as suas prefer\u00eancias para, por exemplo, adaptar o site e sua navega\u00e7\u00e3o \u00e0s suas necessidades espec\u00edficas. Ou seja, algumas informa\u00e7\u00f5es suas s\u00e3o salvas nesse arquivo de texto e, quando voc\u00ea visita o site novamente mais tarde, o site reconhece seu navegador e pode, por exemplo, manter a sua conta logada.\nOs cookies geralmente tamb\u00e9m t\u00eam uma data de expira\u00e7\u00e3o. Por exemplo, alguns cookies s\u00e3o exclu\u00eddos\nautomaticamente quando voc\u00ea fecha o navegador (os chamados cookies de sess\u00e3o), enquanto outros podem ser armazenados por mais tempo no computador at\u00e9 serem exclu\u00eddos manualmente (os chamados cookies persistentes).<br><br><\/li>\n<li> Sobre o compartilhamento de conte\u00fado nas redes sociais<\/li>\n\nAo clicar nos bot\u00f5es de compartilhamento de conte\u00fado nas redes sociais dispon\u00edveis em nossas p\u00e1ginas, o usu\u00e1rio estar\u00e1 publicando o conte\u00fado por meio de seu perfil na rede selecionada. O Grupo IES n\u00e3o tem acesso ao login e senha dos usu\u00e1rios nessas redes, nem publicar\u00e1 conte\u00fado em nome do usu\u00e1rio sem que ele realize esta a\u00e7\u00e3o.\n<ol><li> Sobre o uso de informa\u00e7\u00f5es fornecidas a nossos clientes<\/li>\n\nNo entanto, o Grupo IES n\u00e3o controla as informa\u00e7\u00f5es solicitadas utilizando seu sistema. Esses dados pertencem aos clientes, que os utilizam, divulgam e protegem de acordo com suas pol\u00edticas de privacidade. S\u00e3o eles tamb\u00e9m os respons\u00e1veis por coletar, gerenciar e processar as informa\u00e7\u00f5es confidenciais.<br><\/ol>\n<li> Transfer\u00eancia internacional de dados<\/li>\nO Grupo IES coleta e transfere Dados Pessoais coletados no Brasil, conforme o dado, para os servidores da Vetorial e Google Cloud, localizados no Brasil (Rio Grande) e Estados Unidos, respectivamente.<br><br>\n<li> Sobre o tempo de armazenamento dos seus dados<\/li>\nN\u00f3s manteremos seus Dados Pessoais somente pelo tempo que for necess\u00e1rio para cumprir com as finalidades para as quais os coletamos, inclusive para fins de cumprimento de quaisquer obriga\u00e7\u00f5es legais (como do Marco Civil da Internet de armazenar registros de acesso por 6 meses), contratuais, de presta\u00e7\u00e3o de contas ou requisi\u00e7\u00e3o de autoridades competentes.\n<br>Para determinar o per\u00edodo de reten\u00e7\u00e3o adequado para os Dados Pessoais, consideramos a quantidade, a natureza e a sensibilidade de tais Dados, o risco potencial de danos decorrentes do uso n\u00e3o autorizado ou da divulga\u00e7\u00e3o de seus Dados Pessoais, a finalidade do processamento e se podemos alcan\u00e7ar tais prop\u00f3sitos por outros meios, e os requisitos legais aplic\u00e1veis.<br><br>\n<li> Como protegemos seus dados<\/li>\nO Grupo IES toma provid\u00eancias t\u00e9cnicas, administrativas e organizacionais para proteger seus Dados Pessoais contra perda, uso n\u00e3o autorizado ou outros abusos. Os Dados s\u00e3o armazenados em um ambiente operacional seguro que n\u00e3o \u00e9 acess\u00edvel ao p\u00fablico.<br><br>\n<li> Sobre o cancelamento da assinatura e altera\u00e7\u00e3o\/exclus\u00e3o de informa\u00e7\u00f5es pessoais<br><\/li>\nVoc\u00ea pode optar por n\u00e3o receber mais qualquer tipo de e-mail do Grupo IES.\nEm todos os e-mails que enviamos h\u00e1 sempre um link para cancelar a assinatura dispon\u00edvel nas \u00faltimas linhas. Ao clicar <a href=\"mailto:mauricio.silveira.dpo@gmail.com\" rel=\"noopener\" target=\"_blank\">nesse link<\/a> voc\u00ea ser\u00e1 automaticamente descadastrado da lista.<br>\n\u00c9 importante mencionar que ao preencher qualquer formul\u00e1rio novamente ficar\u00e1 caracterizada a reinser\u00e7\u00e3o do seu e-mail \u00e0 lista. Portanto, a requisi\u00e7\u00e3o de cancelamento deve ser feita novamente, caso seja de seu interesse.<br>Para alterar suas informa\u00e7\u00f5es pessoais, ou mesmo exclu\u00ed-las do nosso banco de dados, basta enviar um e-mail para <a href=\"mailto:mauricio.silveira.dpo@gmail.com\" rel=\"noopener\" target=\"_blank\">mauricio.silveira.dpo@gmail.com<\/a><br><br>\n<li> Mudan\u00e7as na Pol\u00edtica de Privacidade<\/li>\nEssa Pol\u00edtica de Privacidade pode passar por atualiza\u00e7\u00f5es. Desta forma, recomendamos visitar periodicamente esta p\u00e1gina para que voc\u00ea tenha conhecimento sobre as modifica\u00e7\u00f5es.<br>\nAntes de usar informa\u00e7\u00f5es para outros fins que n\u00e3o os definidos nesta Pol\u00edtica de Privacidade, solicitaremos sua autoriza\u00e7\u00e3o.<br><br>\n<li> Contato com o Grupo IES para esclarecimento de d\u00favidas<\/li>\nQualquer d\u00favida em rela\u00e7\u00e3o \u00e0 nossa pol\u00edtica de privacidade pode ser esclarecida entrando em contato conosco. Envie um e-mail para mauricio.silveira.dpo@gmail.com |Telefone: +55 (53) 9-9953-9800<br><em>Rua Rep\u00fablica do Salvador, 602 \u2013 Bairro Buchholz, Rio Grande &#8211; RS, 96212-030<\/em> \nCNPJ: 06.539.315\/0001-98\t\t\t\t\t\t<\/div>\n\t\t\t\t<\/div>\n\t\t\t\t\t<\/div>\n\t\t<\/div>\n\t\t\t\t\t<\/div>\n\t\t<\/section>\n\t\t\t\t<section class=\"elementor-section elementor-top-section elementor-element elementor-element-8b2bea elementor-section-stretched elementor-section-boxed elementor-section-height-default elementor-section-height-default\" data-id=\"8b2bea\" data-element_type=\"section\" data-settings=\"{&quot;stretch_section&quot;:&quot;section-stretched&quot;}\">\n\t\t\t\t\t\t<div class=\"elementor-container elementor-column-gap-default\">\n\t\t\t\t\t<div class=\"elementor-column elementor-col-100 elementor-top-column elementor-element elementor-element-3b62e40d\" data-id=\"3b62e40d\" data-element_type=\"column\">\n\t\t\t<div class=\"elementor-widget-wrap elementor-element-populated\">\n\t\t\t\t\t\t\t<\/div>\n\t\t<\/div>\n\t\t\t\t\t<\/div>\n\t\t<\/section>\n\t\t\t\t<section class=\"elementor-section elementor-top-section elementor-element elementor-element-35741a88 elementor-section-stretched elementor-section-boxed elementor-section-height-default elementor-section-height-default\" data-id=\"35741a88\" data-element_type=\"section\" data-settings=\"{&quot;stretch_section&quot;:&quot;section-stretched&quot;,&quot;background_background&quot;:&quot;classic&quot;}\">\n\t\t\t\t\t\t<div class=\"elementor-container elementor-column-gap-default\">\n\t\t\t\t\t<div class=\"elementor-column elementor-col-100 elementor-top-column elementor-element elementor-element-18e113a3\" data-id=\"18e113a3\" data-element_type=\"column\">\n\t\t\t<div class=\"elementor-widget-wrap elementor-element-populated\">\n\t\t\t\t\t\t<div class=\"elementor-element elementor-element-2e64c87f elementor-widget elementor-widget-spacer\" data-id=\"2e64c87f\" data-element_type=\"widget\" data-widget_type=\"spacer.default\">\n\t\t\t\t<div class=\"elementor-widget-container\">\n\t\t\t\t\t<div class=\"elementor-spacer\">\n\t\t\t<div class=\"elementor-spacer-inner\"><\/div>\n\t\t<\/div>\n\t\t\t\t<\/div>\n\t\t\t\t<\/div>\n\t\t\t\t<div class=\"elementor-element elementor-element-55cf7680 elementor-shape-rounded elementor-grid-0 e-grid-align-center elementor-widget elementor-widget-social-icons\" data-id=\"55cf7680\" data-element_type=\"widget\" data-widget_type=\"social-icons.default\">\n\t\t\t\t<div class=\"elementor-widget-container\">\n\t\t\t\t\t<div class=\"elementor-social-icons-wrapper elementor-grid\">\n\t\t\t\t\t\t\t<span class=\"elementor-grid-item\">\n\t\t\t\t\t<a class=\"elementor-icon elementor-social-icon elementor-social-icon-facebook elementor-repeater-item-0decc0e\" target=\"_blank\">\n\t\t\t\t\t\t<span class=\"elementor-screen-only\">Facebook<\/span>\n\t\t\t\t\t\t<i class=\"fab fa-facebook\"><\/i>\t\t\t\t\t<\/a>\n\t\t\t\t<\/span>\n\t\t\t\t\t\t\t<span class=\"elementor-grid-item\">\n\t\t\t\t\t<a class=\"elementor-icon elementor-social-icon elementor-social-icon-instagram elementor-repeater-item-cf95871\" target=\"_blank\">\n\t\t\t\t\t\t<span class=\"elementor-screen-only\">Instagram<\/span>\n\t\t\t\t\t\t<i class=\"fab fa-instagram\"><\/i>\t\t\t\t\t<\/a>\n\t\t\t\t<\/span>\n\t\t\t\t\t\t\t<span class=\"elementor-grid-item\">\n\t\t\t\t\t<a class=\"elementor-icon elementor-social-icon elementor-social-icon-linkedin elementor-repeater-item-2a553f3\" target=\"_blank\">\n\t\t\t\t\t\t<span class=\"elementor-screen-only\">Linkedin<\/span>\n\t\t\t\t\t\t<i class=\"fab fa-linkedin\"><\/i>\t\t\t\t\t<\/a>\n\t\t\t\t<\/span>\n\t\t\t\t\t<\/div>\n\t\t\t\t<\/div>\n\t\t\t\t<\/div>\n\t\t\t\t<div class=\"elementor-element elementor-element-7159040b elementor-widget elementor-widget-text-editor\" data-id=\"7159040b\" data-element_type=\"widget\" data-widget_type=\"text-editor.default\">\n\t\t\t\t<div class=\"elementor-widget-container\">\n\t\t\t\t\t\t\t<p style=\"text-align: center;\"><span style=\"color: #ffffff;\"><a style=\"color: #ffffff;\" href=\"https:\/\/grupoies.cnt.br\/index.php\/creditos\/\">Cr\u00e9ditos<\/a> | <a style=\"color: #ffffff;\" href=\"\/politica-de-privacidade\">Pol\u00edtica de Privacidade<\/a> | <a style=\"color: #ffffff;\" href=\"\/termos-e-condicoes\">Termos e Condi\u00e7\u00f5es<\/a><\/span><\/p>\t\t\t\t\t\t<\/div>\n\t\t\t\t<\/div>\n\t\t\t\t<div class=\"elementor-element elementor-element-609d0a21 elementor-widget elementor-widget-text-editor\" data-id=\"609d0a21\" data-element_type=\"widget\" data-widget_type=\"text-editor.default\">\n\t\t\t\t<div class=\"elementor-widget-container\">\n\t\t\t\t\t\t\t<p style=\"text-align: center;\"><span style=\"color: #ffffff;\">\u00a9Grupo IES &#8211; 2019 \/2021<br><\/span><\/p>\t\t\t\t\t\t<\/div>\n\t\t\t\t<\/div>\n\t\t\t\t<div class=\"elementor-element elementor-element-7de675c7 elementor-widget elementor-widget-spacer\" data-id=\"7de675c7\" data-element_type=\"widget\" data-widget_type=\"spacer.default\">\n\t\t\t\t<div class=\"elementor-widget-container\">\n\t\t\t\t\t<div class=\"elementor-spacer\">\n\t\t\t<div class=\"elementor-spacer-inner\"><\/div>\n\t\t<\/div>\n\t\t\t\t<\/div>\n\t\t\t\t<\/div>\n\t\t\t\t\t<\/div>\n\t\t<\/div>\n\t\t\t\t\t<\/div>\n\t\t<\/section>\n\t\t\t\t<\/div>\n\t\t","protected":false},"excerpt":{"rendered":"<p>grupo ies POL\u00cdTICA DE PRIVACIDADE N\u00f3s, do Grupo IES, estamos comprometidos em resguardar a sua privacidade. O intuito deste documento \u00e9 esclarecer quais informa\u00e7\u00f5es s\u00e3o coletadas dos usu\u00e1rios de nosso site www.grupoies.cnt.br \u2013 e respectivos servi\u00e7os \u2013 e de que forma esses dados s\u00e3o manipulados e utilizados. Alertamos que se voc\u00ea n\u00e3o concorda com o [&hellip;]<\/p>\n","protected":false},"author":1,"featured_media":0,"parent":0,"menu_order":0,"comment_status":"closed","ping_status":"closed","template":"","meta":{"ocean_post_layout":"","ocean_both_sidebars_style":"","ocean_both_sidebars_content_width":0,"ocean_both_sidebars_sidebars_width":0,"ocean_sidebar":"0","ocean_second_sidebar":"0","ocean_disable_margins":"enable","ocean_add_body_class":"","ocean_shortcode_before_top_bar":"","ocean_shortcode_after_top_bar":"","ocean_shortcode_before_header":"","ocean_shortcode_after_header":"","ocean_has_shortcode":"","ocean_shortcode_after_title":"","ocean_shortcode_before_footer_widgets":"","ocean_shortcode_after_footer_widgets":"","ocean_shortcode_before_footer_bottom":"","ocean_shortcode_after_footer_bottom":"","ocean_display_top_bar":"default","ocean_display_header":"default","ocean_header_style":"","ocean_center_header_left_menu":"0","ocean_custom_header_template":"0","ocean_custom_logo":0,"ocean_custom_retina_logo":0,"ocean_custom_logo_max_width":0,"ocean_custom_logo_tablet_max_width":0,"ocean_custom_logo_mobile_max_width":0,"ocean_custom_logo_max_height":0,"ocean_custom_logo_tablet_max_height":0,"ocean_custom_logo_mobile_max_height":0,"ocean_header_custom_menu":"0","ocean_menu_typo_font_family":"0","ocean_menu_typo_font_subset":"","ocean_menu_typo_font_size":0,"ocean_menu_typo_font_size_tablet":0,"ocean_menu_typo_font_size_mobile":0,"ocean_menu_typo_font_size_unit":"px","ocean_menu_typo_font_weight":"","ocean_menu_typo_font_weight_tablet":"","ocean_menu_typo_font_weight_mobile":"","ocean_menu_typo_transform":"","ocean_menu_typo_transform_tablet":"","ocean_menu_typo_transform_mobile":"","ocean_menu_typo_line_height":0,"ocean_menu_typo_line_height_tablet":0,"ocean_menu_typo_line_height_mobile":0,"ocean_menu_typo_line_height_unit":"","ocean_menu_typo_spacing":0,"ocean_menu_typo_spacing_tablet":0,"ocean_menu_typo_spacing_mobile":0,"ocean_menu_typo_spacing_unit":"","ocean_menu_link_color":"","ocean_menu_link_color_hover":"","ocean_menu_link_color_active":"","ocean_menu_link_background":"","ocean_menu_link_hover_background":"","ocean_menu_link_active_background":"","ocean_menu_social_links_bg":"","ocean_menu_social_hover_links_bg":"","ocean_menu_social_links_color":"","ocean_menu_social_hover_links_color":"","ocean_disable_title":"default","ocean_disable_heading":"default","ocean_post_title":"","ocean_post_subheading":"","ocean_post_title_style":"","ocean_post_title_background_color":"","ocean_post_title_background":0,"ocean_post_title_bg_image_position":"","ocean_post_title_bg_image_attachment":"","ocean_post_title_bg_image_repeat":"","ocean_post_title_bg_image_size":"","ocean_post_title_height":0,"ocean_post_title_bg_overlay":0.5,"ocean_post_title_bg_overlay_color":"","ocean_disable_breadcrumbs":"default","ocean_breadcrumbs_color":"","ocean_breadcrumbs_separator_color":"","ocean_breadcrumbs_links_color":"","ocean_breadcrumbs_links_hover_color":"","ocean_display_footer_widgets":"default","ocean_display_footer_bottom":"default","ocean_custom_footer_template":"0"},"yoast_head":"<!-- This site is optimized with the Yoast SEO plugin v21.8.1 - https:\/\/yoast.com\/wordpress\/plugins\/seo\/ -->\n<title>Pol\u00edtica de Privacidade - Grupo IES<\/title>\n<meta name=\"robots\" content=\"index, follow, max-snippet:-1, max-image-preview:large, max-video-preview:-1\" \/>\n<link rel=\"canonical\" href=\"https:\/\/grupoies.cnt.br\/index.php\/politica-de-privacidade\/\" \/>\n<meta property=\"og:locale\" content=\"pt_BR\" \/>\n<meta property=\"og:type\" content=\"article\" \/>\n<meta property=\"og:title\" content=\"Pol\u00edtica de Privacidade - Grupo IES\" \/>\n<meta property=\"og:description\" content=\"grupo ies POL\u00cdTICA DE PRIVACIDADE N\u00f3s, do Grupo IES, estamos comprometidos em resguardar a sua privacidade. O intuito deste documento \u00e9 esclarecer quais informa\u00e7\u00f5es s\u00e3o coletadas dos usu\u00e1rios de nosso site www.grupoies.cnt.br \u2013 e respectivos servi\u00e7os \u2013 e de que forma esses dados s\u00e3o manipulados e utilizados. Alertamos que se voc\u00ea n\u00e3o concorda com o [&hellip;]\" \/>\n<meta property=\"og:url\" content=\"https:\/\/grupoies.cnt.br\/index.php\/politica-de-privacidade\/\" \/>\n<meta property=\"og:site_name\" content=\"Grupo IES\" \/>\n<meta property=\"article:publisher\" content=\"https:\/\/www.facebook.com\/grupoiescontabilidadeeconsultoria\" \/>\n<meta property=\"article:modified_time\" content=\"2021-09-08T19:59:57+00:00\" \/>\n<meta name=\"twitter:card\" content=\"summary_large_image\" \/>\n<meta name=\"twitter:label1\" content=\"Est. tempo de leitura\" \/>\n\t<meta name=\"twitter:data1\" content=\"6 minutos\" \/>\n<script type=\"application\/ld+json\" class=\"yoast-schema-graph\">{\"@context\":\"https:\/\/schema.org\",\"@graph\":[{\"@type\":\"WebPage\",\"@id\":\"https:\/\/grupoies.cnt.br\/index.php\/politica-de-privacidade\/\",\"url\":\"https:\/\/grupoies.cnt.br\/index.php\/politica-de-privacidade\/\",\"name\":\"Pol\u00edtica de Privacidade - Grupo IES\",\"isPartOf\":{\"@id\":\"https:\/\/grupoies.cnt.br\/#website\"},\"datePublished\":\"2019-10-19T21:32:08+00:00\",\"dateModified\":\"2021-09-08T19:59:57+00:00\",\"breadcrumb\":{\"@id\":\"https:\/\/grupoies.cnt.br\/index.php\/politica-de-privacidade\/#breadcrumb\"},\"inLanguage\":\"pt-BR\",\"potentialAction\":[{\"@type\":\"ReadAction\",\"target\":[\"https:\/\/grupoies.cnt.br\/index.php\/politica-de-privacidade\/\"]}]},{\"@type\":\"BreadcrumbList\",\"@id\":\"https:\/\/grupoies.cnt.br\/index.php\/politica-de-privacidade\/#breadcrumb\",\"itemListElement\":[{\"@type\":\"ListItem\",\"position\":1,\"name\":\"In\u00edcio\",\"item\":\"https:\/\/grupoies.cnt.br\/\"},{\"@type\":\"ListItem\",\"position\":2,\"name\":\"Pol\u00edtica de Privacidade\"}]},{\"@type\":\"WebSite\",\"@id\":\"https:\/\/grupoies.cnt.br\/#website\",\"url\":\"https:\/\/grupoies.cnt.br\/\",\"name\":\"Grupo IES\",\"description\":\"Contabilidade e Administra\u00e7\u00e3o\",\"publisher\":{\"@id\":\"https:\/\/grupoies.cnt.br\/#organization\"},\"potentialAction\":[{\"@type\":\"SearchAction\",\"target\":{\"@type\":\"EntryPoint\",\"urlTemplate\":\"https:\/\/grupoies.cnt.br\/?s={search_term_string}\"},\"query-input\":\"required name=search_term_string\"}],\"inLanguage\":\"pt-BR\"},{\"@type\":\"Organization\",\"@id\":\"https:\/\/grupoies.cnt.br\/#organization\",\"name\":\"Grupo IES\",\"url\":\"https:\/\/grupoies.cnt.br\/\",\"logo\":{\"@type\":\"ImageObject\",\"inLanguage\":\"pt-BR\",\"@id\":\"https:\/\/grupoies.cnt.br\/#\/schema\/logo\/image\/\",\"url\":\"https:\/\/grupoies.cnt.br\/wp-content\/uploads\/2019\/10\/icone.png\",\"contentUrl\":\"https:\/\/grupoies.cnt.br\/wp-content\/uploads\/2019\/10\/icone.png\",\"width\":1100,\"height\":1100,\"caption\":\"Grupo IES\"},\"image\":{\"@id\":\"https:\/\/grupoies.cnt.br\/#\/schema\/logo\/image\/\"},\"sameAs\":[\"https:\/\/www.facebook.com\/grupoiescontabilidadeeconsultoria\",\"https:\/\/www.instagram.com\/grupoiescontabilidade\/\",\"https:\/\/www.linkedin.com\/company\/grupoiescontabilidade\"]}]}<\/script>\n<!-- \/ Yoast SEO plugin. -->","yoast_head_json":{"title":"Pol\u00edtica de Privacidade - Grupo IES","robots":{"index":"index","follow":"follow","max-snippet":"max-snippet:-1","max-image-preview":"max-image-preview:large","max-video-preview":"max-video-preview:-1"},"canonical":"https:\/\/grupoies.cnt.br\/index.php\/politica-de-privacidade\/","og_locale":"pt_BR","og_type":"article","og_title":"Pol\u00edtica de Privacidade - Grupo IES","og_description":"grupo ies POL\u00cdTICA DE PRIVACIDADE N\u00f3s, do Grupo IES, estamos comprometidos em resguardar a sua privacidade. O intuito deste documento \u00e9 esclarecer quais informa\u00e7\u00f5es s\u00e3o coletadas dos usu\u00e1rios de nosso site www.grupoies.cnt.br \u2013 e respectivos servi\u00e7os \u2013 e de que forma esses dados s\u00e3o manipulados e utilizados. Alertamos que se voc\u00ea n\u00e3o concorda com o [&hellip;]","og_url":"https:\/\/grupoies.cnt.br\/index.php\/politica-de-privacidade\/","og_site_name":"Grupo IES","article_publisher":"https:\/\/www.facebook.com\/grupoiescontabilidadeeconsultoria","article_modified_time":"2021-09-08T19:59:57+00:00","twitter_card":"summary_large_image","twitter_misc":{"Est. tempo de leitura":"6 minutos"},"schema":{"@context":"https:\/\/schema.org","@graph":[{"@type":"WebPage","@id":"https:\/\/grupoies.cnt.br\/index.php\/politica-de-privacidade\/","url":"https:\/\/grupoies.cnt.br\/index.php\/politica-de-privacidade\/","name":"Pol\u00edtica de Privacidade - Grupo IES","isPartOf":{"@id":"https:\/\/grupoies.cnt.br\/#website"},"datePublished":"2019-10-19T21:32:08+00:00","dateModified":"2021-09-08T19:59:57+00:00","breadcrumb":{"@id":"https:\/\/grupoies.cnt.br\/index.php\/politica-de-privacidade\/#breadcrumb"},"inLanguage":"pt-BR","potentialAction":[{"@type":"ReadAction","target":["https:\/\/grupoies.cnt.br\/index.php\/politica-de-privacidade\/"]}]},{"@type":"BreadcrumbList","@id":"https:\/\/grupoies.cnt.br\/index.php\/politica-de-privacidade\/#breadcrumb","itemListElement":[{"@type":"ListItem","position":1,"name":"In\u00edcio","item":"https:\/\/grupoies.cnt.br\/"},{"@type":"ListItem","position":2,"name":"Pol\u00edtica de Privacidade"}]},{"@type":"WebSite","@id":"https:\/\/grupoies.cnt.br\/#website","url":"https:\/\/grupoies.cnt.br\/","name":"Grupo IES","description":"Contabilidade e Administra\u00e7\u00e3o","publisher":{"@id":"https:\/\/grupoies.cnt.br\/#organization"},"potentialAction":[{"@type":"SearchAction","target":{"@type":"EntryPoint","urlTemplate":"https:\/\/grupoies.cnt.br\/?s={search_term_string}"},"query-input":"required name=search_term_string"}],"inLanguage":"pt-BR"},{"@type":"Organization","@id":"https:\/\/grupoies.cnt.br\/#organization","name":"Grupo IES","url":"https:\/\/grupoies.cnt.br\/","logo":{"@type":"ImageObject","inLanguage":"pt-BR","@id":"https:\/\/grupoies.cnt.br\/#\/schema\/logo\/image\/","url":"https:\/\/grupoies.cnt.br\/wp-content\/uploads\/2019\/10\/icone.png","contentUrl":"https:\/\/grupoies.cnt.br\/wp-content\/uploads\/2019\/10\/icone.png","width":1100,"height":1100,"caption":"Grupo IES"},"image":{"@id":"https:\/\/grupoies.cnt.br\/#\/schema\/logo\/image\/"},"sameAs":["https:\/\/www.facebook.com\/grupoiescontabilidadeeconsultoria","https:\/\/www.instagram.com\/grupoiescontabilidade\/","https:\/\/www.linkedin.com\/company\/grupoiescontabilidade"]}]}},"_links":{"self":[{"href":"https:\/\/grupoies.cnt.br\/index.php\/wp-json\/wp\/v2\/pages\/46"}],"collection":[{"href":"https:\/\/grupoies.cnt.br\/index.php\/wp-json\/wp\/v2\/pages"}],"about":[{"href":"https:\/\/grupoies.cnt.br\/index.php\/wp-json\/wp\/v2\/types\/page"}],"author":[{"embeddable":true,"href":"https:\/\/grupoies.cnt.br\/index.php\/wp-json\/wp\/v2\/users\/1"}],"replies":[{"embeddable":true,"href":"https:\/\/grupoies.cnt.br\/index.php\/wp-json\/wp\/v2\/comments?post=46"}],"version-history":[{"count":28,"href":"https:\/\/grupoies.cnt.br\/index.php\/wp-json\/wp\/v2\/pages\/46\/revisions"}],"predecessor-version":[{"id":593,"href":"https:\/\/grupoies.cnt.br\/index.php\/wp-json\/wp\/v2\/pages\/46\/revisions\/593"}],"wp:attachment":[{"href":"https:\/\/grupoies.cnt.br\/index.php\/wp-json\/wp\/v2\/media?parent=46"}],"curies":[{"name":"wp","href":"https:\/\/api.w.org\/{rel}","templated":true}]}}